{"version":"1.0","provider_name":"Az\u0259rbaycan Milli \u0130stiqlal Partiyas\u0131","provider_url":"https:\/\/amip.az\/az","author_name":"admin_amip","author_url":"https:\/\/amip.az\/az\/author\/admin_amip\/","title":"Deputatlar icra ba\u015f\u00e7\u0131lar\u0131ndan raz\u0131d\u0131rlar, naraz\u0131? - Az\u0259rbaycan Milli \u0130stiqlal Partiyas\u0131","type":"rich","width":600,"height":338,"html":"<blockquote class=\"wp-embedded-content\" data-secret=\"dkeHKtTWYZ\"><a href=\"https:\/\/amip.az\/az\/2026\/01\/08\/deputatlar-icra-bascilarindan-razidirlar-narazi\/\">Deputatlar icra ba\u015f\u00e7\u0131lar\u0131ndan raz\u0131d\u0131rlar, naraz\u0131?<\/a><\/blockquote><iframe sandbox=\"allow-scripts\" security=\"restricted\" src=\"https:\/\/amip.az\/az\/2026\/01\/08\/deputatlar-icra-bascilarindan-razidirlar-narazi\/embed\/#?secret=dkeHKtTWYZ\" width=\"600\" height=\"338\" title=\"&#8220;Deputatlar icra ba\u015f\u00e7\u0131lar\u0131ndan raz\u0131d\u0131rlar, naraz\u0131?&#8221; &#8212; Az\u0259rbaycan Milli \u0130stiqlal Partiyas\u0131\" data-secret=\"dkeHKtTWYZ\" frameborder=\"0\" marginwidth=\"0\" marginheight=\"0\" scrolling=\"no\" class=\"wp-embedded-content\"><\/iframe><script type=\"text\/javascript\">\n\/* <![CDATA[ *\/\n\/*! This file is auto-generated *\/\n!function(d,l){\"use strict\";l.querySelector&&d.addEventListener&&\"undefined\"!=typeof URL&&(d.wp=d.wp||{},d.wp.receiveEmbedMessage||(d.wp.receiveEmbedMessage=function(e){var t=e.data;if((t||t.secret||t.message||t.value)&&!\/[^a-zA-Z0-9]\/.test(t.secret)){for(var s,r,n,a=l.querySelectorAll('iframe[data-secret=\"'+t.secret+'\"]'),o=l.querySelectorAll('blockquote[data-secret=\"'+t.secret+'\"]'),c=new RegExp(\"^https?:$\",\"i\"),i=0;i<o.length;i++)o[i].style.display=\"none\";for(i=0;i<a.length;i++)s=a[i],e.source===s.contentWindow&&(s.removeAttribute(\"style\"),\"height\"===t.message?(1e3<(r=parseInt(t.value,10))?r=1e3:~~r<200&&(r=200),s.height=r):\"link\"===t.message&&(r=new URL(s.getAttribute(\"src\")),n=new URL(t.value),c.test(n.protocol))&&n.host===r.host&&l.activeElement===s&&(d.top.location.href=t.value))}},d.addEventListener(\"message\",d.wp.receiveEmbedMessage,!1),l.addEventListener(\"DOMContentLoaded\",function(){for(var e,t,s=l.querySelectorAll(\"iframe.wp-embedded-content\"),r=0;r<s.length;r++)(t=(e=s[r]).getAttribute(\"data-secret\"))||(t=Math.random().toString(36).substring(2,12),e.src+=\"#?secret=\"+t,e.setAttribute(\"data-secret\",t)),e.contentWindow.postMessage({message:\"ready\",secret:t},\"*\")},!1)))}(window,document);\n\/\/# sourceURL=https:\/\/amip.az\/wp-includes\/js\/wp-embed.min.js\n\/* ]]> *\/\n<\/script>\n","thumbnail_url":"https:\/\/amip.az\/wp-content\/uploads\/2025\/06\/arzuxan.jpg","thumbnail_width":850,"thumbnail_height":530,"description":"Milli M\u0259clisin deputatlar\u0131 \u00f6z se\u00e7icil\u0259rind\u0259n daxil olan \u015fikay\u0259t v\u0259 m\u00fcraci\u0259tl\u0259ri aidiyy\u0259ti d\u00f6vl\u0259t qurumlar\u0131, el\u0259c\u0259 d\u0259 yerli icra hakimiyy\u0259tl\u0259ri qar\u015f\u0131s\u0131nda qald\u0131r\u0131rlar. Bu prosesd\u0259 \u0259sas m\u0259qs\u0259d v\u0259t\u0259nda\u015flar\u0131n probleml\u0259rinin operativ v\u0259 effektiv h\u0259llin\u0259 nail olmaqd\u0131r. Qeyd ed\u0259k ki, yerli icra strukturlar\u0131n qarlament&nbsp;qar\u015f\u0131s\u0131nda birba\u015fa hesabat mexanizmi yoxdur. Buna g\u00f6r\u0259 d\u0259 deputatlar se\u00e7ildikl\u0259ri dair\u0259l\u0259rd\u0259ki probleml\u0259ri yerli icra hakimiyy\u0259tl\u0259ril\u0259 f\u0259rdi \u0259laq\u0259l\u0259r hesab\u0131na h\u0259ll etm\u0259y\u0259 \u00e7al\u0131\u015f\u0131rlar. Bir s\u0131ra ekdpertl\u0259r deyirl\u0259r ki,&nbsp;Milli M\u0259clisd\u0259 yerli icra hakimiyy\u0259tl\u0259rinin f\u0259aliyy\u0259ti il\u0259 ba\u011fl\u0131 illik hesabat mexanizmi yarad\u0131la, regional inki\u015faf v\u0259 icra probleml\u0259ri \u00fczr\u0259 daimi parlament dinl\u0259m\u0259l\u0259ri [&hellip;]"}