{"version":"1.0","provider_name":"National Independence Party of Azerbaijan","provider_url":"https:\/\/amip.az\/en","author_name":"admin_amip","author_url":"https:\/\/amip.az\/en\/author\/admin_amip\/","title":"AM\u0130P s\u0259dri Prezident \u0130lham \u018fliyevi t\u0259brik edib - Az\u0259rbaycan Milli \u0130stiqlal Partiyas\u0131","type":"rich","width":600,"height":338,"html":"<blockquote class=\"wp-embedded-content\" data-secret=\"4kgeTQINT3\"><a href=\"https:\/\/amip.az\/en\/2023\/10\/16\/amip-s%c9%99dri-prezident-ilham-%c9%99liyevi-t%c9%99brik-edib\/\">AM\u0130P s\u0259dri Prezident \u0130lham \u018fliyevi t\u0259brik edib<\/a><\/blockquote><iframe sandbox=\"allow-scripts\" security=\"restricted\" src=\"https:\/\/amip.az\/en\/2023\/10\/16\/amip-s%c9%99dri-prezident-ilham-%c9%99liyevi-t%c9%99brik-edib\/embed\/#?secret=4kgeTQINT3\" width=\"600\" height=\"338\" title=\"&#8220;AM\u0130P s\u0259dri Prezident \u0130lham \u018fliyevi t\u0259brik edib&#8221; &#8212; Az\u0259rbaycan Milli \u0130stiqlal Partiyas\u0131\" data-secret=\"4kgeTQINT3\" frameborder=\"0\" marginwidth=\"0\" marginheight=\"0\" scrolling=\"no\" class=\"wp-embedded-content\"><\/iframe><script type=\"text\/javascript\">\n\/* <![CDATA[ *\/\n\/*! This file is auto-generated *\/\n!function(d,l){\"use strict\";l.querySelector&&d.addEventListener&&\"undefined\"!=typeof URL&&(d.wp=d.wp||{},d.wp.receiveEmbedMessage||(d.wp.receiveEmbedMessage=function(e){var t=e.data;if((t||t.secret||t.message||t.value)&&!\/[^a-zA-Z0-9]\/.test(t.secret)){for(var s,r,n,a=l.querySelectorAll('iframe[data-secret=\"'+t.secret+'\"]'),o=l.querySelectorAll('blockquote[data-secret=\"'+t.secret+'\"]'),c=new RegExp(\"^https?:$\",\"i\"),i=0;i<o.length;i++)o[i].style.display=\"none\";for(i=0;i<a.length;i++)s=a[i],e.source===s.contentWindow&&(s.removeAttribute(\"style\"),\"height\"===t.message?(1e3<(r=parseInt(t.value,10))?r=1e3:~~r<200&&(r=200),s.height=r):\"link\"===t.message&&(r=new URL(s.getAttribute(\"src\")),n=new URL(t.value),c.test(n.protocol))&&n.host===r.host&&l.activeElement===s&&(d.top.location.href=t.value))}},d.addEventListener(\"message\",d.wp.receiveEmbedMessage,!1),l.addEventListener(\"DOMContentLoaded\",function(){for(var e,t,s=l.querySelectorAll(\"iframe.wp-embedded-content\"),r=0;r<s.length;r++)(t=(e=s[r]).getAttribute(\"data-secret\"))||(t=Math.random().toString(36).substring(2,12),e.src+=\"#?secret=\"+t,e.setAttribute(\"data-secret\",t)),e.contentWindow.postMessage({message:\"ready\",secret:t},\"*\")},!1)))}(window,document);\n\/\/# sourceURL=https:\/\/amip.az\/wp-includes\/js\/wp-embed.min.js\n\/* ]]> *\/\n<\/script>","thumbnail_url":"https:\/\/amip.az\/wp-content\/uploads\/2022\/07\/amip_arzuxan_alizade_03.jpg","thumbnail_width":1500,"thumbnail_height":1000,"description":"16 oktyabr 2023-c\u00fc il Az\u0259rbaycan Respublikas\u0131n\u0131n Prezidenti \u0130lham \u018fliyev c\u0259nablar\u0131na C\u0259nab Prezident! H\u00f6rm\u0259tli Ali Ba\u015f Komandan! D\u00fcn\u0259nki g\u00fcn, 15 oktyabr 2023-c\u00fc il Az\u0259rbaycan\u0131n 200 illik tarixind\u0259 bir d\u00f6n\u00fc\u015f n\u00f6qt\u0259si oldu. Xank\u0259ndi, Xocal\u0131, Xovac\u0259nd, A\u011fd\u0259r\u0259 v\u0259 \u018fsg\u0259randa ucald\u0131lan m\u00fcqq\u0259dd\u0259s \u00fc\u00e7r\u0259ngli bayra\u011f\u0131m\u0131z t\u0259kc\u0259 Az\u0259rbaycan tarixinin deyil, b\u00fct\u00f6vl\u00fckd\u0259 C\u0259nubi Qafqaz\u0131n tarixinin yenid\u0259n yaz\u0131ld\u0131\u011f\u0131 g\u00fcn kimi tarix\u0259 d\u00fc\u015fd\u00fc. Anti-terror t\u0259dbirl\u0259ri il\u0259 d\u00fc\u015fm\u0259n i\u015f\u011fal\u0131ndan azad olunmu\u015f torpaqlar\u0131m\u0131zda D\u00f6vl\u0259t Bayra\u011f\u0131m\u0131z\u0131n ucald\u0131lmas\u0131 b\u00fct\u00fcn d\u00fcnya erm\u0259nil\u0259rin\u0259 v\u0259 onlar\u0131n havadarlar\u0131na g\u00f6zda\u011f\u0131 olmaqla yana\u015f\u0131 h\u0259m d\u0259 \u015f\u0259hidl\u0259rimizin qan\u0131n\u0131n yerd\u0259 qalmad\u0131\u011f\u0131n\u0131 b\u00fct\u00fcn d\u00fcnyaya n\u00fcmayi\u015f etdirmi\u015f [&hellip;]"}