{"version":"1.0","provider_name":"National Independence Party of Azerbaijan","provider_url":"https:\/\/amip.az\/en","author_name":"admin_amip","author_url":"https:\/\/amip.az\/en\/author\/admin_amip\/","title":"AM\u0130P AL\u0130 M\u018fCL\u0130S\u0130 QURULTAY Q\u018fRARI VERD\u0130 - Az\u0259rbaycan Milli \u0130stiqlal Partiyas\u0131","type":"rich","width":600,"height":338,"html":"<blockquote class=\"wp-embedded-content\" data-secret=\"pyVNpCuPkd\"><a href=\"https:\/\/amip.az\/en\/2025\/05\/26\/amip-ali-m%c9%99clisi-qurultay-q%c9%99rari-verdi\/\">AM\u0130P AL\u0130 M\u018fCL\u0130S\u0130 QURULTAY Q\u018fRARI VERD\u0130<\/a><\/blockquote><iframe sandbox=\"allow-scripts\" security=\"restricted\" src=\"https:\/\/amip.az\/en\/2025\/05\/26\/amip-ali-m%c9%99clisi-qurultay-q%c9%99rari-verdi\/embed\/#?secret=pyVNpCuPkd\" width=\"600\" height=\"338\" title=\"&#8220;AM\u0130P AL\u0130 M\u018fCL\u0130S\u0130 QURULTAY Q\u018fRARI VERD\u0130&#8221; &#8212; Az\u0259rbaycan Milli \u0130stiqlal Partiyas\u0131\" data-secret=\"pyVNpCuPkd\" frameborder=\"0\" marginwidth=\"0\" marginheight=\"0\" scrolling=\"no\" class=\"wp-embedded-content\"><\/iframe><script type=\"text\/javascript\">\n\/* <![CDATA[ *\/\n\/*! This file is auto-generated *\/\n!function(d,l){\"use strict\";l.querySelector&&d.addEventListener&&\"undefined\"!=typeof URL&&(d.wp=d.wp||{},d.wp.receiveEmbedMessage||(d.wp.receiveEmbedMessage=function(e){var t=e.data;if((t||t.secret||t.message||t.value)&&!\/[^a-zA-Z0-9]\/.test(t.secret)){for(var s,r,n,a=l.querySelectorAll('iframe[data-secret=\"'+t.secret+'\"]'),o=l.querySelectorAll('blockquote[data-secret=\"'+t.secret+'\"]'),c=new RegExp(\"^https?:$\",\"i\"),i=0;i<o.length;i++)o[i].style.display=\"none\";for(i=0;i<a.length;i++)s=a[i],e.source===s.contentWindow&&(s.removeAttribute(\"style\"),\"height\"===t.message?(1e3<(r=parseInt(t.value,10))?r=1e3:~~r<200&&(r=200),s.height=r):\"link\"===t.message&&(r=new URL(s.getAttribute(\"src\")),n=new URL(t.value),c.test(n.protocol))&&n.host===r.host&&l.activeElement===s&&(d.top.location.href=t.value))}},d.addEventListener(\"message\",d.wp.receiveEmbedMessage,!1),l.addEventListener(\"DOMContentLoaded\",function(){for(var e,t,s=l.querySelectorAll(\"iframe.wp-embedded-content\"),r=0;r<s.length;r++)(t=(e=s[r]).getAttribute(\"data-secret\"))||(t=Math.random().toString(36).substring(2,12),e.src+=\"#?secret=\"+t,e.setAttribute(\"data-secret\",t)),e.contentWindow.postMessage({message:\"ready\",secret:t},\"*\")},!1)))}(window,document);\n\/\/# sourceURL=https:\/\/amip.az\/wp-includes\/js\/wp-embed.min.js\n\/* ]]> *\/\n<\/script>","thumbnail_url":"https:\/\/amip.az\/wp-content\/uploads\/2025\/05\/WhatsApp-Image-2025-05-26-at-12.59.52.jpeg","thumbnail_width":1280,"thumbnail_height":853,"description":"Az\u0259rbaycan Milli \u0130stiqlal Partiyas\u0131 Ali M\u0259clisinin iclas\u0131 ke\u00e7irilib. \u0130clasda ke\u00e7\u0259n d\u00f6vr \u0259rzind\u0259 q\u0259bul olunmu\u015f q\u0259rarlar\u0131n icras\u0131 v\u0259 Partiyan\u0131n f\u0259aliyy\u0259ti, g\u00f6r\u00fcl\u0259n i\u015fl\u0259r v\u0259 qar\u015f\u0131dak\u0131 v\u0259zif\u0259l\u0259rl\u0259r ba\u011fl\u0131 m\u0259lumatlar verilib v\u0259 m\u00fczakir\u0259l\u0259r apar\u0131l\u0131b.AM\u0130P XIII Qurultay\u0131n\u0131n \u00e7a\u011f\u0131r\u0131lmas\u0131 v\u0259 rayon (\u015f\u0259h\u0259r) t\u0259\u015fkilatlar\u0131nda hesabat se\u00e7ki konfranslar\u0131n\u0131n ke\u00e7rilm\u0259si il\u0259 ba\u011fl\u0131 q\u0259rar q\u0259bul olunub. Konfranslar\u0131n ke\u00e7irilm\u0259si v\u0259 Qurultaya n\u00fcmay\u0259nd\u0259lik normas\u0131 il\u0259 ba\u011fl\u0131 t\u0259limatlar m\u00fczakir\u0259 olunaraq q\u0259bul olunub."}