{"version":"1.0","provider_name":"National Independence Party of Azerbaijan","provider_url":"https:\/\/amip.az\/en","author_name":"admin_amip","author_url":"https:\/\/amip.az\/en\/author\/admin_amip\/","title":"\u201cBu, \u0259slind\u0259 molla rejiminin sonu dem\u0259kdir\u201d -\u00a0Deputat - Az\u0259rbaycan Milli \u0130stiqlal Partiyas\u0131","type":"rich","width":600,"height":338,"html":"<blockquote class=\"wp-embedded-content\" data-secret=\"7J4fgNvaCu\"><a href=\"https:\/\/amip.az\/en\/2026\/03\/05\/bu-%c9%99slind%c9%99-molla-rejiminin-sonu-dem%c9%99kdir-deputat\/\">\u201cBu, \u0259slind\u0259 molla rejiminin sonu dem\u0259kdir\u201d &#8211;\u00a0Deputat<\/a><\/blockquote><iframe sandbox=\"allow-scripts\" security=\"restricted\" src=\"https:\/\/amip.az\/en\/2026\/03\/05\/bu-%c9%99slind%c9%99-molla-rejiminin-sonu-dem%c9%99kdir-deputat\/embed\/#?secret=7J4fgNvaCu\" width=\"600\" height=\"338\" title=\"&#8220;\u201cBu, \u0259slind\u0259 molla rejiminin sonu dem\u0259kdir\u201d &#8211;\u00a0Deputat&#8221; &#8212; Az\u0259rbaycan Milli \u0130stiqlal Partiyas\u0131\" data-secret=\"7J4fgNvaCu\" frameborder=\"0\" marginwidth=\"0\" marginheight=\"0\" scrolling=\"no\" class=\"wp-embedded-content\"><\/iframe><script type=\"text\/javascript\">\n\/* <![CDATA[ *\/\n\/*! This file is auto-generated *\/\n!function(d,l){\"use strict\";l.querySelector&&d.addEventListener&&\"undefined\"!=typeof URL&&(d.wp=d.wp||{},d.wp.receiveEmbedMessage||(d.wp.receiveEmbedMessage=function(e){var t=e.data;if((t||t.secret||t.message||t.value)&&!\/[^a-zA-Z0-9]\/.test(t.secret)){for(var s,r,n,a=l.querySelectorAll('iframe[data-secret=\"'+t.secret+'\"]'),o=l.querySelectorAll('blockquote[data-secret=\"'+t.secret+'\"]'),c=new RegExp(\"^https?:$\",\"i\"),i=0;i<o.length;i++)o[i].style.display=\"none\";for(i=0;i<a.length;i++)s=a[i],e.source===s.contentWindow&&(s.removeAttribute(\"style\"),\"height\"===t.message?(1e3<(r=parseInt(t.value,10))?r=1e3:~~r<200&&(r=200),s.height=r):\"link\"===t.message&&(r=new URL(s.getAttribute(\"src\")),n=new URL(t.value),c.test(n.protocol))&&n.host===r.host&&l.activeElement===s&&(d.top.location.href=t.value))}},d.addEventListener(\"message\",d.wp.receiveEmbedMessage,!1),l.addEventListener(\"DOMContentLoaded\",function(){for(var e,t,s=l.querySelectorAll(\"iframe.wp-embedded-content\"),r=0;r<s.length;r++)(t=(e=s[r]).getAttribute(\"data-secret\"))||(t=Math.random().toString(36).substring(2,12),e.src+=\"#?secret=\"+t,e.setAttribute(\"data-secret\",t)),e.contentWindow.postMessage({message:\"ready\",secret:t},\"*\")},!1)))}(window,document);\n\/\/# sourceURL=https:\/\/amip.az\/wp-includes\/js\/wp-embed.min.js\n\/* ]]> *\/\n<\/script>","thumbnail_url":"https:\/\/amip.az\/wp-content\/uploads\/2026\/01\/arzuxan.jpg","thumbnail_width":600,"thumbnail_height":750,"description":"\u201c\u0130ran t\u0259r\u0259find\u0259n Az\u0259rbaycan\u0131n Nax\u00e7\u0131van \u0259razisin\u0259 al\u00e7aqcas\u0131na h\u00fccum edilib, bu he\u00e7 bir halda cavabs\u0131z qala bilm\u0259z. Bu \u0259slind\u0259 molla rejiminin sonu, s\u00fcqutu dem\u0259kdir\u201d. Bu bar\u0259d\u0259 525.az-a Milli M\u0259clisin deputat\u0131 Arzuxan \u018flizad\u0259 deyib. O bildirib ki, molla rejiminin sonu yax\u0131nla\u015fd\u0131qca bir q\u0259d\u0259r d\u0259 aqoniya v\u0259ziyy\u0259tin\u0259 d\u00fc\u015f\u00fcrl\u0259r.&nbsp; \u201cAz\u0259rbaycan\u0131n s\u0259rgil\u0259diyi m\u00f6vqey\u0259 baxmayaraq bel\u0259 riyakar m\u00f6vqe t\u0259bii ki, bizim d\u0259 adekvat add\u0131mlar atma\u011f\u0131m\u0131z\u0131 \u00f6z\u00fcnd\u0259 ehtiva edir. Hesab edir\u0259m ki, c\u0259nubda ya\u015fayan soyda\u015flar\u0131m\u0131z da bu m\u0259s\u0259l\u0259l\u0259r\u0259 bigan\u0259 qalmayacaqlar. Orda ya\u015fayan soyda\u015flar\u0131m\u0131z\u0131n haqq\u0131, h\u00fcququ b\u0259rpa edilm\u0259kl\u0259 \u0130randa yeni bir d\u00f6n\u0259min ba\u015flayaca\u011f\u0131n\u0131 [&hellip;]"}