{"version":"1.0","provider_name":"National Independence Party of Azerbaijan","provider_url":"https:\/\/amip.az\/en","author_name":"admin_amip","author_url":"https:\/\/amip.az\/en\/author\/admin_amip\/","title":"AZ\u018fRBAYCAN M\u0130LL\u0130 \u0130ST\u0130QLAL PART\u0130YASININ T\u018fBR\u0130K\u0130 - Az\u0259rbaycan Milli \u0130stiqlal Partiyas\u0131","type":"rich","width":600,"height":338,"html":"<blockquote class=\"wp-embedded-content\" data-secret=\"UrQZTxqbjy\"><a href=\"https:\/\/amip.az\/en\/2026\/03\/08\/az%c9%99rbaycan-milli-istiqlal-partiyasinin-t%c9%99briki\/\">AZ\u018fRBAYCAN M\u0130LL\u0130 \u0130ST\u0130QLAL PART\u0130YASININ T\u018fBR\u0130K\u0130<\/a><\/blockquote><iframe sandbox=\"allow-scripts\" security=\"restricted\" src=\"https:\/\/amip.az\/en\/2026\/03\/08\/az%c9%99rbaycan-milli-istiqlal-partiyasinin-t%c9%99briki\/embed\/#?secret=UrQZTxqbjy\" width=\"600\" height=\"338\" title=\"&#8220;AZ\u018fRBAYCAN M\u0130LL\u0130 \u0130ST\u0130QLAL PART\u0130YASININ T\u018fBR\u0130K\u0130&#8221; &#8212; Az\u0259rbaycan Milli \u0130stiqlal Partiyas\u0131\" data-secret=\"UrQZTxqbjy\" frameborder=\"0\" marginwidth=\"0\" marginheight=\"0\" scrolling=\"no\" class=\"wp-embedded-content\"><\/iframe><script type=\"text\/javascript\">\n\/* <![CDATA[ *\/\n\/*! This file is auto-generated *\/\n!function(d,l){\"use strict\";l.querySelector&&d.addEventListener&&\"undefined\"!=typeof URL&&(d.wp=d.wp||{},d.wp.receiveEmbedMessage||(d.wp.receiveEmbedMessage=function(e){var t=e.data;if((t||t.secret||t.message||t.value)&&!\/[^a-zA-Z0-9]\/.test(t.secret)){for(var s,r,n,a=l.querySelectorAll('iframe[data-secret=\"'+t.secret+'\"]'),o=l.querySelectorAll('blockquote[data-secret=\"'+t.secret+'\"]'),c=new RegExp(\"^https?:$\",\"i\"),i=0;i<o.length;i++)o[i].style.display=\"none\";for(i=0;i<a.length;i++)s=a[i],e.source===s.contentWindow&&(s.removeAttribute(\"style\"),\"height\"===t.message?(1e3<(r=parseInt(t.value,10))?r=1e3:~~r<200&&(r=200),s.height=r):\"link\"===t.message&&(r=new URL(s.getAttribute(\"src\")),n=new URL(t.value),c.test(n.protocol))&&n.host===r.host&&l.activeElement===s&&(d.top.location.href=t.value))}},d.addEventListener(\"message\",d.wp.receiveEmbedMessage,!1),l.addEventListener(\"DOMContentLoaded\",function(){for(var e,t,s=l.querySelectorAll(\"iframe.wp-embedded-content\"),r=0;r<s.length;r++)(t=(e=s[r]).getAttribute(\"data-secret\"))||(t=Math.random().toString(36).substring(2,12),e.src+=\"#?secret=\"+t,e.setAttribute(\"data-secret\",t)),e.contentWindow.postMessage({message:\"ready\",secret:t},\"*\")},!1)))}(window,document);\n\/\/# sourceURL=https:\/\/amip.az\/wp-includes\/js\/wp-embed.min.js\n\/* ]]> *\/\n<\/script>","thumbnail_url":"https:\/\/amip.az\/wp-content\/uploads\/2026\/03\/WhatsApp-Image-2026-03-08-at-10.46.36.jpeg","thumbnail_width":1440,"thumbnail_height":1440,"description":"H\u00f6rm\u0259tli xan\u0131mlar, \u0259ziz analar v\u0259 bac\u0131lar!\u200bSizi 8 Mart \u2013 Beyn\u0259lxalq Qad\u0131nlar G\u00fcn\u00fc m\u00fcnasib\u0259til\u0259 Az\u0259rbaycan Milli \u0130stiqlal Partiyas\u0131 (AM\u0130P) r\u0259hb\u0259rliyi v\u0259 b\u00fct\u00fcn partiya \u00fczvl\u0259ri ad\u0131ndan s\u0259mimi-q\u0259lbd\u0259n t\u0259brik edir, h\u0259r biriniz\u0259 m\u00f6hk\u0259m cansa\u011fl\u0131\u011f\u0131, ail\u0259 s\u0259ad\u0259ti v\u0259 f\u0259aliyy\u0259tinizd\u0259 yeni nailiyy\u0259tl\u0259r arzulay\u0131r\u0131q.\u200bAz\u0259rbaycan qad\u0131n\u0131 tarix boyu milli m\u0259fkur\u0259mizin qorunmas\u0131nda, m\u0259n\u0259vi d\u0259y\u0259rl\u0259rimizin n\u0259sild\u0259n-n\u0259sl\u0259 \u00f6t\u00fcr\u00fclm\u0259sind\u0259 v\u0259 d\u00f6vl\u0259t\u00e7ilik \u0259n\u0259n\u0259l\u0259rimizin m\u00f6hk\u0259ml\u0259nm\u0259sind\u0259 misilsiz rol oynam\u0131\u015fd\u0131r. Xalq\u0131m\u0131z\u0131n azadl\u0131q m\u00fcbariz\u0259sind\u0259 n\u00fcmayi\u015f etdirdiyiniz sars\u0131lmaz irad\u0259 v\u0259 f\u0259dakarl\u0131q, bu g\u00fcn m\u00fcst\u0259qil Az\u0259rbaycan\u0131n t\u0259r\u0259qqisi namin\u0259 g\u00f6st\u0259rdiyiniz xidm\u0259tl\u0259r h\u0259r birimiz \u00fc\u00e7\u00fcn q\u00fcrur m\u0259nb\u0259yidir.\u200b\u00d6lk\u0259mizin ictimai-siyasi h\u0259yat\u0131nda qad\u0131nlar\u0131n f\u0259al i\u015ftirak\u0131 demokratik c\u0259miyy\u0259t [&hellip;]"}