{"version":"1.0","provider_name":"National Independence Party of Azerbaijan","provider_url":"https:\/\/amip.az\/en","author_name":"admin_amip","author_url":"https:\/\/amip.az\/en\/author\/admin_amip\/","title":"Zelenskinin Bak\u0131dan verdiyi mesaj:\u00a0S\u00fclh \u00fc\u00e7\u00fcn yeni \u00fcnvan\u00a0 - Az\u0259rbaycan Milli \u0130stiqlal Partiyas\u0131","type":"rich","width":600,"height":338,"html":"<blockquote class=\"wp-embedded-content\" data-secret=\"BkrDFtF57c\"><a href=\"https:\/\/amip.az\/en\/2026\/04\/26\/zelenskinin-bakidan-verdiyi-mesaj-sulh-ucun-yeni-unvan\/\">Zelenskinin Bak\u0131dan verdiyi mesaj:\u00a0S\u00fclh \u00fc\u00e7\u00fcn yeni \u00fcnvan\u00a0<\/a><\/blockquote><iframe sandbox=\"allow-scripts\" security=\"restricted\" src=\"https:\/\/amip.az\/en\/2026\/04\/26\/zelenskinin-bakidan-verdiyi-mesaj-sulh-ucun-yeni-unvan\/embed\/#?secret=BkrDFtF57c\" width=\"600\" height=\"338\" title=\"&#8220;Zelenskinin Bak\u0131dan verdiyi mesaj:\u00a0S\u00fclh \u00fc\u00e7\u00fcn yeni \u00fcnvan\u00a0&#8221; &#8212; Az\u0259rbaycan Milli \u0130stiqlal Partiyas\u0131\" data-secret=\"BkrDFtF57c\" frameborder=\"0\" marginwidth=\"0\" marginheight=\"0\" scrolling=\"no\" class=\"wp-embedded-content\"><\/iframe><script type=\"text\/javascript\">\n\/* <![CDATA[ *\/\n\/*! This file is auto-generated *\/\n!function(d,l){\"use strict\";l.querySelector&&d.addEventListener&&\"undefined\"!=typeof URL&&(d.wp=d.wp||{},d.wp.receiveEmbedMessage||(d.wp.receiveEmbedMessage=function(e){var t=e.data;if((t||t.secret||t.message||t.value)&&!\/[^a-zA-Z0-9]\/.test(t.secret)){for(var s,r,n,a=l.querySelectorAll('iframe[data-secret=\"'+t.secret+'\"]'),o=l.querySelectorAll('blockquote[data-secret=\"'+t.secret+'\"]'),c=new RegExp(\"^https?:$\",\"i\"),i=0;i<o.length;i++)o[i].style.display=\"none\";for(i=0;i<a.length;i++)s=a[i],e.source===s.contentWindow&&(s.removeAttribute(\"style\"),\"height\"===t.message?(1e3<(r=parseInt(t.value,10))?r=1e3:~~r<200&&(r=200),s.height=r):\"link\"===t.message&&(r=new URL(s.getAttribute(\"src\")),n=new URL(t.value),c.test(n.protocol))&&n.host===r.host&&l.activeElement===s&&(d.top.location.href=t.value))}},d.addEventListener(\"message\",d.wp.receiveEmbedMessage,!1),l.addEventListener(\"DOMContentLoaded\",function(){for(var e,t,s=l.querySelectorAll(\"iframe.wp-embedded-content\"),r=0;r<s.length;r++)(t=(e=s[r]).getAttribute(\"data-secret\"))||(t=Math.random().toString(36).substring(2,12),e.src+=\"#?secret=\"+t,e.setAttribute(\"data-secret\",t)),e.contentWindow.postMessage({message:\"ready\",secret:t},\"*\")},!1)))}(window,document);\n\/\/# sourceURL=https:\/\/amip.az\/wp-includes\/js\/wp-embed.min.js\n\/* ]]> *\/\n<\/script>","thumbnail_url":"https:\/\/amip.az\/wp-content\/uploads\/2026\/04\/arzuxan-1.jpg","thumbnail_width":1144,"thumbnail_height":1066,"description":"\u201cAz\u0259rbaycanla Ukrayna aras\u0131nda \u0259laq\u0259l\u0259r he\u00e7 vaxt situativ \u00a0xarakter da\u015f\u0131may\u0131b, \u00a0h\u0259r zaman s\u0131x olub. \u00c7\u00fcnki \u00a0Bak\u0131 il\u0259 Kiyev aras\u0131ndak\u0131 m\u00fcnasib\u0259tl\u0259ri siyasi etimad, qar\u015f\u0131l\u0131ql\u0131 d\u0259st\u0259k, strateji t\u0259r\u0259fda\u015fl\u0131q \u00fcz\u0259rind\u0259 qurulub. H\u0259tta m\u00fcharib\u0259 \u015f\u0259raitind\u0259 bel\u0259 Bak\u0131 Kiyev\u0259 d\u0259st\u0259yini davam etdirib\u201d. Bunu \u00d6lk\u0259.az-a a\u00e7\u0131qlamas\u0131nda Milli M\u0259clisin deputat\u0131 Arzuxan \u018flizad\u0259 deyib.\u00a0 O bildirib ki, Az\u0259rbaycan m\u00fcharib\u0259 d\u00f6vr\u00fcnd\u0259 Ukraynaya davaml\u0131 olaraq humanitar yard\u0131m, enerji v\u0259 sosial sah\u0259d\u0259 d\u0259st\u0259k verib. \u201cBu bax\u0131mdan Bak\u0131n\u0131n d\u0259st\u0259yi Kiyev t\u0259r\u0259find\u0259n y\u00fcks\u0259k qiym\u0259tl\u0259ndirilir. Bu is\u0259 onu g\u00f6st\u0259rir ki, m\u00fcnasib\u0259tl\u0259r t\u0259kc\u0259 siyasi sah\u0259d\u0259 deyil, dig\u0259r sah\u0259l\u0259rd\u0259 &nbsp; iqtisadi, [&hellip;]"}